{"version":"1.0","provider_name":"Investiguem","provider_url":"https:\/\/investiguem.com","author_name":"admin","author_url":"https:\/\/investiguem.com\/index.php\/author\/info_cf70gs4q\/","title":"Primera edici\u00f3n 2021\/2022 - Investiguem","type":"rich","width":600,"height":338,"html":"<blockquote class=\"wp-embedded-content\" data-secret=\"oKXnLE0rvd\"><a href=\"https:\/\/investiguem.com\/index.php\/investiguem-formacion-en-investigacion-inclusiva\/elementor-24957\/\">Primera edici\u00f3n 2021\/2022<\/a><\/blockquote><iframe sandbox=\"allow-scripts\" security=\"restricted\" src=\"https:\/\/investiguem.com\/index.php\/investiguem-formacion-en-investigacion-inclusiva\/elementor-24957\/embed\/#?secret=oKXnLE0rvd\" width=\"600\" height=\"338\" title=\"\u00abPrimera edici\u00f3n 2021\/2022\u00bb \u2014 Investiguem\" data-secret=\"oKXnLE0rvd\" frameborder=\"0\" marginwidth=\"0\" marginheight=\"0\" scrolling=\"no\" class=\"wp-embedded-content\"><\/iframe><script type=\"text\/javascript\">\n\/* <![CDATA[ *\/\n\/*! This file is auto-generated *\/\n!function(d,l){\"use strict\";l.querySelector&&d.addEventListener&&\"undefined\"!=typeof URL&&(d.wp=d.wp||{},d.wp.receiveEmbedMessage||(d.wp.receiveEmbedMessage=function(e){var t=e.data;if((t||t.secret||t.message||t.value)&&!\/[^a-zA-Z0-9]\/.test(t.secret)){for(var s,r,n,a=l.querySelectorAll('iframe[data-secret=\"'+t.secret+'\"]'),o=l.querySelectorAll('blockquote[data-secret=\"'+t.secret+'\"]'),c=new RegExp(\"^https?:$\",\"i\"),i=0;i<o.length;i++)o[i].style.display=\"none\";for(i=0;i<a.length;i++)s=a[i],e.source===s.contentWindow&&(s.removeAttribute(\"style\"),\"height\"===t.message?(1e3<(r=parseInt(t.value,10))?r=1e3:~~r<200&&(r=200),s.height=r):\"link\"===t.message&&(r=new URL(s.getAttribute(\"src\")),n=new URL(t.value),c.test(n.protocol))&&n.host===r.host&&l.activeElement===s&&(d.top.location.href=t.value))}},d.addEventListener(\"message\",d.wp.receiveEmbedMessage,!1),l.addEventListener(\"DOMContentLoaded\",function(){for(var e,t,s=l.querySelectorAll(\"iframe.wp-embedded-content\"),r=0;r<s.length;r++)(t=(e=s[r]).getAttribute(\"data-secret\"))||(t=Math.random().toString(36).substring(2,12),e.src+=\"#?secret=\"+t,e.setAttribute(\"data-secret\",t)),e.contentWindow.postMessage({message:\"ready\",secret:t},\"*\")},!1)))}(window,document);\n\/\/# sourceURL=https:\/\/investiguem.com\/wp-includes\/js\/wp-embed.min.js\n\/* ]]> *\/\n<\/script>\n","description":"Primera Edici\u00f3n 2021\/2022 breve introducci\u00f3n Sesi\u00f3n 1 EJES TEM\u00c1TICOS Qu\u00e9 es investigar y la investigaci\u00f3n inclusiva. Qu\u00e9 significa formarse como coinvestigadores. Temas de investigaci\u00f3n. ACTIVIDADES B\u00fasqueda de temas de inter\u00e9s para posibles investigaciones Selecci\u00f3n del tema de investigaci\u00f3n. Planteamiento de los objetivos de las investigaciones. DESARROLLO Revisi\u00f3n de aspectos te\u00f3ricos acerca de \u00bfqu\u00e9 temas se...","thumbnail_url":"https:\/\/investiguem.com\/wp-content\/uploads\/2024\/10\/37A6948-1024x683.jpg"}